{"id":181,"date":"2015-08-03T10:03:57","date_gmt":"2015-08-03T10:03:57","guid":{"rendered":"https:\/\/islabonita.com\/de\/location\/garafia\/"},"modified":"2016-02-17T14:17:22","modified_gmt":"2016-02-17T14:17:22","slug":"garafia","status":"publish","type":"location","link":"https:\/\/islabonita.com\/de\/lage\/garafia\/","title":{"rendered":"Garaf\u00eda"},"content":{"rendered":"<p style=\"text-align: justify;\">Die Gemeinde Garaf\u00eda im Nordwesten der Insel mit einer Fl\u00e4che von 102 km2 liegt in den tiefen Talschluchten Franceses und Izcagua und erstreckt sich von der K\u00fcste bis hinauf die Gipfel im Inselinnern.<\/p>\n<p style=\"text-align: justify;\">Die abwechslungsreichen Landschaftsformen der Gemeinde unterliegen dem Einfluss der Passatwinde. Und so sind es denn auch die alten Windm\u00fchlen, die das Landschaftsbild Garaf\u00edas pr\u00e4gen. Die von Gagelbaum, Baumheide und Kiefern gepr\u00e4gte Vegetation war in der Vergangenheit die Grundlage des wirtschaftlichen Lebens.<\/p>\n<p style=\"text-align: justify;\">Die Gegend um Garaf\u00eda wurde von den Ureinwohnern La Palmas Tagalgen genannt und nach der Eroberung durch die kastillische Krone in erster Linie von Portugiesen besiedelt. Unter ihnen befanden sich vor allem aus Portugal vertriebene Juden. Die der Krone unterstellten Gebiete der mittleren H\u00f6henlagen wurden seit 1579 an Bauern vergeben, allerdings mit der Auflage, ein F\u00fcnftel der erwirtschafteten Ertr\u00e4ge an den Grundherrn abzugeben. Dieses Wirtschaftsystem hatte noch bis vor wenigen Jahren Bestand.<\/p>\n<p style=\"text-align: justify;\">1812 wurde Garaf\u00eda zur Gemeinde erkl\u00e4rt und bekam 1906 von K\u00f6nig Alfonso XIII. den Stadttitel zugesprochen.<\/p>\n<p style=\"text-align: justify;\">Die Wirtschaft der Gemeinde basiert auf Land- und Viehwirtschaft. Daraus ist eine bedeutende K\u00e4seindustrie mit einem Reife- und Vertriebszentrum entstanden. Mit dem Landtourismus er\u00f6ffnen sich aber zweifelsohne neue Chancen f\u00fcr die Zukunft. Das Angebot an erstklassigen Unterk\u00fcnften und die wundersch\u00f6nen Landschaften sind dabei Garanten f\u00fcr wirtschaftliches Wachstum in diesem Sektor.<\/p>\n<p style=\"text-align: justify;\">Die Berggipfel Garaf\u00edas sind ein international bedeutender Standort der Astrophysik, denn von hier aus wird mit Weltraumteleskopen das Universum erkundet.<\/p>\n<h3 style=\"text-align: justify;\">DIE LEGENDE von La Pared de Roberto<\/h3>\n<p style=\"text-align: justify;\">Von der Naturlandschaft der gesamten Insel geht eine magische Anziehungskraft aus, besonders aber von den Berggipfeln La Palmas. Hier soll sich an den F\u00fc(en einer Lavafelswand (La Pared de Roberto) in der N\u00e4he von Los Andenes eine Legende zugetragen haben, nach der sich an dieser Stelle ein Liebesp\u00e4rchen unter dem n\u00e4chtlichen Sternenhimmel zu treffen pflegte. Sie war eine sch\u00f6ne Ureinwohnerin aus Garaf\u00eda und er stammte aus Barlovento. Die Liebe, die beide sich schworen, war so stark, dass selbst der Teufel neidisch wurde. Es wird erz\u00e4hlt, dass der Teufel diese Felswand in einer Nacht erschuf, um die Verliebten auseinanderzubringen. Dem mutigen J\u00fcngling gelang es zwar, die Wand zu \u00fcberwinden. Die Anstrengungen waren derart kraftraubend, dass er in den Krater La Caldera de Taburiente fiel. Der Teufel wollte darauf das traurige M\u00e4dchen f\u00fcr sich gewinnen, aber sie verweigerte sich ihm und st\u00fcrzte sich ebenfalls in die Tiefe, um sich mit ihrem Geliebten zu vereinigen.<\/p>\n<p style=\"text-align: justify;\">Das Werk des Teufels war umsonst und in seiner Wut schlug er den Basaltfels entzwei, das tragische Ende dieser Liebesgeschichte heraufbeschworen hatte.<\/p>\n<p style=\"text-align: justify;\">\n<h3 style=\"text-align: justify;\">HIRTENTRADITIONEN<\/h3>\n<p style=\"text-align: justify;\"><img loading=\"lazy\" decoding=\"async\" class=\"size-full wp-image-970 alignleft\" src=\"https:\/\/islabonita.com\/wp-content\/uploads\/2015\/08\/0ffa16b8926b4926f69da8c82dbc154f.jpg\" alt=\"Garaf\u00eda. Isla Bonita. La Palma.\" width=\"280\" height=\"186\" \/>\u00dcber die Jahrhunderte hinweg hat in Garaf\u00eda die Tradition der Weidewirtschaft \u00fcberdauert. Schon die Vorfahren der Einwohner Garaf\u00edas gingen dieser harten Arbeit nach und trieben ihre Herden auf der Suche nach Weideland von der K\u00fcste die Berge hinauf. F\u00fcr sie waren die Tiere Lebensunterhalt und Lebensinhalt.<\/p>\n<p style=\"text-align: justify;\">Die Hirten sind die wahren Protagonisten dieser tief verwurzelten Tradition und kennen jeden Berg, jede Schlucht, jeden Felsvorsprung, jeden Pfad und jede Quelle. Zusammen mit ihrem Vieh zogen sie unter dem Glockengel\u00e4ut der Herde durch die Landschaft, wobei die Ziegenhirten in der Lage waren, die Tiere aufgrund der Art des Glockentons voneinander zu unterscheiden. In ihrer Hirtentasche f\u00fchren sie Proviant mit und in ihren H\u00e4nden hielten sie den langen Hirtenstock, ein Utensil, das schon die pr\u00e4hispanischen Ureinwohner benutzten und mit dem sie \u00e4u(erst geschickt spektakul\u00e4re Spr\u00fcnge absolvieren, um das schwierige Gel\u00e4nde zu \u00fcberwinden. Diese ruhigen und standhaften M\u00e4nner durchleben unz\u00e4hlige kleine Geschichten, unerwartete Gefahren und extreme Temperaturen, legen gro(e Wegstrecken zur\u00fcck und erleben Ruhe und Einsamkeit, die der treue und gesellige garafianische Hirtenhund &#8211; eine einheimische Hunderasse &#8211; \u00fcberwinden hilft.<\/p>\n<p style=\"text-align: justify;\">Nachdem die Ziegen gemolken sind, wird zur Herstellung des schmackhaften K\u00e4ses \u00fcbergegangen, der seinen charakteristischen Geschmack durch das R\u00e4uchern mit trockenen Kaktusbl\u00e4ttern, Baumheide und Mandelschalen erlangt.<\/p>\n<h3 style=\"text-align: justify;\">VOLKSFESTE<\/h3>\n<p style=\"text-align: justify;\">Volkst\u00fcmliche Feste finden in allen Winkeln der Gemeinde Garaf\u00eda statt. Ihre kleinen Kapellen werden mit Farbgirlanden geschm\u00fcckt und nachts erleuchten Feuerwerke den Himmel.<\/p>\n<p style=\"text-align: justify;\">Nach dem Weihnachtsfest wird am 5. Januar die Ankunft der Heiligen Drei K\u00f6nige in Szene gesetzt. Am 3. Mai folgt das Fest des Kreuzes (La Cruz), das die Einwohner Juan Adalids auf dem Berg La Centinela begehen. Dabei werden dem Besucher auf diesem nat\u00fcrlichen Aussichtsturm typische Speisen und T\u00e4nze geboten.<\/p>\n<p style=\"text-align: justify;\">Im Sommer, und zwar am 12. und 13. Juni, wird die Wallfahrtskapelle San Antonio del Monte aus dem 16. Jahrhundert f\u00fcr die Festlichkeiten herausgeputzt. Die gro(e portugiesische Gemeinde im Norden der Insel hatte seinerzeit den Schutzheiligen Portugals San Antonio de Padua auch f\u00fcr Garaf\u00eda \u00fcbernommen. Der bedeutendenste Festteil ist der Viehmarkt mit seinen Rindern, Ziegen und Schafen, die hier zum Verkauf angepriesen und von den aufmerksamen garafianischen Hirtenhunden bewacht werden. Viehz\u00fcchter der ganzen Insel nehmen an diesem Fest teil und machen es mit seinem Geruch nach gebratenem Fleisch, k\u00f6stlichem K\u00e4se und Kiefernwein zu einem der beliebtesten Feste La Palmas.<\/p>\n<p style=\"text-align: justify;\">Am 15. und 16. Juli wird in Las Tricias zur Zeit der Festlichkeiten zu Ehren der Jungfrau Carmen das Fest La Quema de Judas (die Verbrennung Judas) begangen. Dabei wird mittels einer kleinen aus Lappen gefertigten Puppe ein Spottgesang auf die Gesellschaft vorgetragen und ihr Testament verlesen, bevor sie auf den Scheiterhaufen kommt.<\/p>\n<p style=\"text-align: justify;\">Die Festlichkeiten zu Ehren der Jungfrau des Lichts (Virgen de La Luz) in der zweiten Augusth\u00e4lfte schlie(en den Festkalender ab.<\/p>\n<h3 style=\"text-align: justify;\">TIPS<\/h3>\n<p style=\"text-align: justify;\">Die Sch\u00f6nheit und Vielfalt der Landschaft macht Garaf\u00eda zu einem Schatz, den es zu entdecken gilt. Sehensw\u00fcrdige Naturlandschaften, arch\u00e4ologische Fundst\u00e4tten, Kulturelles, Traditionen, eine abwechslungsreiche Gastronomie sowie Saum-, Tuch- und Flechtarbeiten bilden ein interessantes Angebot f\u00fcr all diejenigen, die dort Spa( und Erholung suchen, wo das Landleben noch starke Wurzeln hat. Daneben kann man allerdings noch anderen Freizeitaktivit\u00e4ten nachgehen: Wandern, Klettern, Mountainbike-Touren, Schluchtwandern &#8230; jeder Winkel, jeder Berg, jeder Wanderweg und jeder Waldfeldweg bieten immer wieder die M\u00f6glichkeit, Neues und \u00dcberraschendes zu entdecken.<\/p>\n<p style=\"text-align: justify;\">Touristen schlagen vielerlei Wege ein, um ihren Wissensdurst zu befriedigen. Eine M\u00f6glichkeit dazu bietet der jahrhundertealte &#8220;K\u00f6nigliche Weg&#8221; (camino real), der die D\u00f6rfer dieser wundersch\u00f6nen felsigen Steilk\u00fcste untereinander verbindet. Dieser Weg ist jedoch nur f\u00fcr gute Wanderer zu empfehlen. Vom Dorf Franceses f\u00fchrt dieser in landschaftlicher und botanischer Hinsicht \u00e4u(erst interessante Weg vorbei an den D\u00f6rfern El Tablado, Don Pedro, Juan Adalid, El Mudo, El Palmar bis nach Santo Domingo.<\/p>\n<p style=\"text-align: justify;\">Der Weg wird wegen seiner \u00fcppigen Vegetation und seiner zahlreichen Quellen auch Ruta Verde (gr\u00fcner Weg) genannt und durchquert die Talschlucht La Madalena zwischen Don Pedro und La Zarza. Ebenso beeindruckend sind die Wanderwege, die von Las Tricias nach Buracas, in die Schlucht Izcagua, El Castillo oder Briestas abgehen. Eine andere interessante Wanderroute nimmt ihren Anfang z.B. in Santo Domingo und f\u00fchrt in den Drachenbaumwald El Palmar oder bis nach San Antonio del Monte.<\/p>\n<p style=\"text-align: justify;\">Die Bergippfel bieten unz\u00e4hlige Wanderm\u00f6glichkeiten, darunter ist besonders die Route vom Gipfel Roque de Los Muchachos bis zum Pico de La Nieve zu empfehlen, der auf dem Kraterrand des Taburiente verl\u00e4uft.<\/p>\n<h3 style=\"text-align: justify;\">SEHENSW\u00dcRDIGKEITEN<\/h3>\n<h4 style=\"text-align: justify;\">Santo Domingo<\/h4>\n<p style=\"text-align: justify;\">Ein Spaziergang durch die steilen G\u00e4sschen Santo Domingo, des gr\u00f6(ten Dorfs der Gemeinde, hinterl\u00e4sst beim Besucher starke Eindr\u00fccke. Zu sehen sind eng aneinander geschmiegte traditionelle H\u00e4user mit roten D\u00e4chern und gro(e Herrenh\u00e4user mit ihren symetrischen klassizistischen Fassaden, die den Platz umgeben und auf dem sich die Garafianer zu treffen pflegen.<\/p>\n<p style=\"text-align: justify;\">Gleich nebenan befindet sich die im 16. Jahundert errichtete Kirche, die ihr endg\u00fcltiges Aussehen und ihre zweischiffige Aufteilung erst ein Jahrhundert sp\u00e4ter angenommen hat. Aus diesem Jahrhundert stammt auch das feingearbeitete Deckent\u00e4felwerk im Mudejarstil. Im Innern sind interessante Heiligenbilder zu sehen. Hervorzuheben ist hier besonders die von vielen verehrte Jungfrau Virgen de Nuestra Se\u00f1ora de La Luz.<\/p>\n<h4 style=\"text-align: justify;\">K\u00fcstenlandschaft<\/h4>\n<p style=\"text-align: justify;\"><img loading=\"lazy\" decoding=\"async\" class=\"size-full wp-image-971 alignleft\" src=\"https:\/\/islabonita.com\/wp-content\/uploads\/2015\/08\/715f067a633c7690755b38776f4c279b.jpg\" alt=\"Garaf\u00eda. Isla Bonita. La Palma.\" width=\"205\" height=\"317\" \/>Der weite K\u00fcstenstreifen der Gemeinde unterliegt ununterbrochen den Kr\u00e4ften des Ozeans. Das Meer ist der Baumeister dieser spektakul\u00e4ren und landschaftlich sch\u00f6nen Klippen. Teile davon sind im Naturreservat Guelgu\u00e9n unter Schutz gestellt.<\/p>\n<p style=\"text-align: justify;\">Vom Aussichtspunkt Serradero im Hafen Santo Domingos hat man einen herrlichen Ausblick auf die Felsw\u00e4nde, in denen fr\u00fcher Fischadler nisteten. Sie sind Zeugen der fr\u00fcheren Grenze zwischen Land und Meer.<\/p>\n<p style=\"text-align: justify;\">Wegen der Steilk\u00fcste entstanden die Bootsanlegepl\u00e4tze vor allem an den M\u00fcndungen der hiesigen Talschluchten. Hier ankerten die Boote und Schiffe, die Passagiere und Waren transportierten.<\/p>\n<p style=\"text-align: justify;\">Auch die Pflanzenwelt der flachen K\u00fcstenbereiche z\u00e4hlt zu den Sehensw\u00fcrdigkeiten. Dazu geh\u00f6ren die robusten Wolfsmilchgew\u00e4chse, die dem st\u00e4ndigen Wind widerstehen, der fr\u00fcher die Holzfl\u00fcgel der Windm\u00fchlen in Bewegung gesetzt hat und heute moderne Windgeneratoren im Windpark Juan Adalid antreibt.<\/p>\n<p style=\"text-align: justify;\">\n<p style=\"text-align: justify;\">\n<p style=\"text-align: justify;\">\n<h4 style=\"text-align: justify;\">Der Kiefernwald von Garaf\u00eda<\/h4>\n<p style=\"text-align: justify;\">Der Kiefernwald hat f\u00fcr diesen Teil der Insel eine besondere Bedeutung. Diese Nadelbaumart passt sich optimal den Bodenverh\u00e4ltnissen an, h\u00e4lt extremen Temperaturen und Trockenheit stand und ist sogar in der Lage, nach einem Waldbrand Sprossen zu treiben.<\/p>\n<p style=\"text-align: justify;\">Aus diesem Juwel der Natur haben die Menschen jahrhundertelang Harz, Bau- und Brennholz sowie Reisig gewonnen. Die intensive Nutzung hat den Waldbestand keineswegs dezimiert. Immer noch \u00fcberziehen die W\u00e4lder zwischen der Ginstervegation der Berggipfel und der Gagelbaum-Baumheidezone die gesamte Insel.<\/p>\n<p style=\"text-align: justify;\">Im dichten und zum integrierten Naturreservat erkl\u00e4rten Kiefernwald von Garaf\u00eda beeindrucken die gigantischen, jahrhundertalten und mit einer runden Baumkrone ausgestatteten Exemplare, die eine H\u00f6he von bis zu 50 m erreichen k\u00f6nnen.<\/p>\n<h4 style=\"text-align: justify;\">Kulturpark La Zarza-Zarcita<\/h4>\n<p style=\"text-align: justify;\"><a href=\"https:\/\/islabonita.com\/wp-content\/uploads\/2015\/08\/0622437ddd40f3dd67ead984a1c6519d.jpg\"><img loading=\"lazy\" decoding=\"async\" class=\"size-full wp-image-972 alignleft\" src=\"https:\/\/islabonita.com\/wp-content\/uploads\/2015\/08\/0622437ddd40f3dd67ead984a1c6519d.jpg\" alt=\"Garaf\u00eda. Isla Bonita. La Palma.\" width=\"255\" height=\"171\" \/><\/a><\/p>\n<p style=\"text-align: justify;\">Im gr\u00fcnen Dickicht des Lorbeerwaldes im Gebiet La Mata versteckt sich eine der bedeutendsten kanarischen Fundst\u00e4tten von H\u00f6hlengravuren. Die feuchten H\u00f6hlen von La Zarza und La Zarcita h\u00fcten einen Schatz, der von den pr\u00e4hispanischen Awaren meisterlich in den Fels graviert wurde. Spiral-, schlingen- und kreisf\u00f6rmige Formen zeichnen ein kompliziertes Bild von tiefsinniger magisch-religi\u00f6ser Bedeutung. Auf diese Weise wurden die G\u00f6tter angerufen um fruchtbare Weiden f\u00fcr ihre Herden angerufen, denn Wasser war das wichtigste Lebenselixier.<\/p>\n<p style=\"text-align: justify;\">Am Grund der Talschlucht befindet sich ein arch\u00e4ologisches Zentrum, das Auskunft \u00fcber die Kultur dieses Hirtenvolkes gibt. Es werden F\u00fchrungen angeboten und auf den Wegen werden auf erkl\u00e4renden Tafeln umfangreiche Informationen zur Flora und Fauna vermittelt.<\/p>\n<p style=\"text-align: justify;\">\n<h4 style=\"text-align: justify;\">Der Roque de Los Muchachos<\/h4>\n<p style=\"text-align: justify;\">Himmel und Erde sind hier auf den Berggipfeln von Garaf\u00eda perfekt aufeinander abgestimmt. Imposante Landschaften tun sich zu beiden Seiten unterhalb der Berge auf. Der Vulkankrater La Caldera de Taburiente kann von verschiedenen nat\u00fcrlichen Aussichtspunkten wie z.B. dem Aussichtspunkt im Gebiet Los Andenes in Augenschein genommen werden, von wo aus man einen wunderbaren Blick auf die bis in Grund dieses Nationalparks abfallenden Steilh\u00e4nge genie(en kann.<\/p>\n<p style=\"text-align: justify;\">Zahlreiche Felsen kr\u00f6nen diese Hochgebirgsenklave, dessen h\u00f6chste Erhebung 2.426 m misst. Bis hier hinauf stiegen die Ureinwohner La Palmas, um ihr Vieh weiden zu lassen und ihren G\u00f6ttern zu huldigen, worauf die unz\u00e4hligen arch\u00e4ologischen Funde hinweisen.<\/p>\n<p style=\"text-align: justify;\">Auf dem steinigen Untergrund wachsen Dr\u00fcsenginster und andere endemische Arten wie etwa die Viola palmensis oder der blaue Natternkopf.<\/p>\n<p style=\"text-align: justify;\">Hier befindet sich auch das bedeutendste astrophysische Observatorium der Nordhalbkugel. Zahlreiche L\u00e4nder haben hier wegen der Reinheit der Atmosph\u00e4re ihre Teleskope aufgestellt, um den Kosmos zu erforschen.<\/p>\n<h4 style=\"text-align: justify;\">Die D\u00f6rfer Franceses, El Tablado und Las Tricias<\/h4>\n<p style=\"text-align: justify;\"><a href=\"https:\/\/islabonita.com\/wp-content\/uploads\/2015\/08\/f075c6350307afaeffa0cb99396cedad.jpg\"><img loading=\"lazy\" decoding=\"async\" class=\"size-full wp-image-974 alignleft\" src=\"https:\/\/islabonita.com\/wp-content\/uploads\/2015\/08\/f075c6350307afaeffa0cb99396cedad.jpg\" alt=\"Garaf\u00eda. Isla Bonita. La Palma.\" width=\"185\" height=\"255\" \/><\/a><\/p>\n<p style=\"text-align: justify;\">Unter den vielen d\u00f6rflichen Ansiedlungen der Gemeinde Garaf\u00edas ist besonders das K\u00fcstendorf Franceses zu erw\u00e4hnen. Gigantische Klippen haben das Leben der Einwohner dieses Dorfes gepr\u00e4gt. Die volkst\u00fcmlichen H\u00e4user schmiegen sich an die Wege, die sich serpentinenf\u00f6rmig durch die h\u00fcgelige Landschaft schl\u00e4ngeln. Charakteristisch f\u00fcr diese Gegend sind die Strohkammern mit get\u00e4felten Holzd\u00e4chern und Steinw\u00e4nden, die fr\u00fcher als einfache Behausungen dienten.<\/p>\n<p style=\"text-align: justify;\">Auch das Naturschutzgebiet um das Nachbardorf El Tablado mit seiner stark abfallenden und malerischen Landschaft ist auf jeden Fall einen Besuch wert. Das Dorf liegt zwischen zwei tiefen Talschluchten. H\u00e4user und \u00fcppige G\u00e4rten ziehen sich treppenf\u00f6rmig den zum Atlantischen Ozean zeigenden Hang hinauf.<\/p>\n<p style=\"text-align: justify;\">Im Westen der Gemeinde liegt das wundersch\u00f6ne Dorf Las Tricias am Rand der Talschlucht von Izcagua. Die Wallfahrtskapelle La Virgen del Carmen bildet das Herz dieses an Mandelb\u00e4umen und alten Herrenh\u00e4usern reichen Kleinods. Die alte Windm\u00fchle und der magische hundertj\u00e4hrige Drachenbaumhain nahe der H\u00f6hlenfundst\u00e4tte sind die bekanntesten Wahrzeichen von Las Tricias.<\/p>\n<p style=\"text-align: justify;\">\n<p style=\"text-align: justify;\">\n<h4 style=\"text-align: justify;\">Das Gebiet San Antonio del Monte<\/h4>\n<p style=\"text-align: justify;\">Die Wallfahrtskapelle San Antonio del Monte hat diesem gro(en Gebiet seine Namen verliehen, in dem sich Interessantes \u00fcber Natur und Kultur erfahren l\u00e4sst. In unmittelbarer N\u00e4he der Kapelle befindet sich ein Freizeit- und Naturpark, in dem man Ausfl\u00fcge oder Wanderungen unternehmen oder auch campen kann. Ganz in der N\u00e4he befindet sich auch eine Bergh\u00fctte mit 48 Schlafpl\u00e4tzen, ein Versuchsbauernhof (Granja Experimental) und eine K\u00e4serei, in der K\u00e4se zum Reifen gelagert wird.<\/p>\n<p style=\"text-align: justify;\">Der Kulturpark La Zarza liegt an einem wundersch\u00f6nen Wanderweg, der von den arch\u00e4ologischen Fundst\u00e4tten bis zu diesem interessanten Freizeitpark der Stadt Garaf\u00eda f\u00fchrt.<\/p>\n<h4>Volkskundezentrum<\/h4>\n<p style=\"text-align: justify;\">Das Kulturhaus Santo Domingos ist ein Informations- und Kulturzentrum und \u00f6ffnet seine Pforten an sechs Tagen in der Woche f\u00fcr all diejenigen, die mehr \u00fcber die Besonderheiten Garaf\u00edas in Erfahrung bringen m\u00f6chten. Erkl\u00e4rende Tafeln, eine Fotodokumentation und Multimedia-Systeme lassen die Geschichte von der vorspanischen Zeit bis heute Revue passieren.<\/p>\n<p style=\"text-align: justify;\">Die eindrucksvolle Landschaft, Flora, Fauna, nat\u00fcrliche Ressourcen, Br\u00e4uche, Traditionen, Vieh- und Landwirtschaft sowie Handwerk sind in drei thematischen S\u00e4len ausgestellt. Au(erdem sind traditionelle Trachten und Gegenst\u00e4nde zu sehen, die die Identit\u00e4t dieses Dorfes im Norden La Palmas ausmachen.<\/p>\n<p style=\"text-align: justify;\">\u00a9 Text: In\u00e9s Dieppa. Asociaci\u00f3n para el Desarrollo Rural de la Isla de La Palma (ADER-La Palma)<br \/>\n\u00a9 Fotos: Archiv ADER-La Palma und Juan Jos\u00e9 Santos.<\/p>\n","protected":false},"author":1,"featured_media":969,"parent":0,"menu_order":0,"template":"","_links":{"self":[{"href":"https:\/\/islabonita.com\/de\/wp-json\/wp\/v2\/location\/181"}],"collection":[{"href":"https:\/\/islabonita.com\/de\/wp-json\/wp\/v2\/location"}],"about":[{"href":"https:\/\/islabonita.com\/de\/wp-json\/wp\/v2\/types\/location"}],"author":[{"embeddable":true,"href":"https:\/\/islabonita.com\/de\/wp-json\/wp\/v2\/users\/1"}],"wp:featuredmedia":[{"embeddable":true,"href":"https:\/\/islabonita.com\/de\/wp-json\/wp\/v2\/media\/969"}],"wp:attachment":[{"href":"https:\/\/islabonita.com\/de\/wp-json\/wp\/v2\/media?parent=181"}],"curies":[{"name":"wp","href":"https:\/\/api.w.org\/{rel}","templated":true}]}}