{"id":163,"date":"2015-08-03T09:59:49","date_gmt":"2015-08-03T09:59:49","guid":{"rendered":"https:\/\/islabonita.com\/de\/location\/los-llanos-de-aridane\/"},"modified":"2016-02-17T12:46:28","modified_gmt":"2016-02-17T12:46:28","slug":"los-llanos-de-aridane","status":"publish","type":"location","link":"https:\/\/islabonita.com\/de\/lage\/los-llanos-de-aridane\/","title":{"rendered":"Los Llanos de Aridane"},"content":{"rendered":"<p style=\"text-align: justify;\">Los Llanos umfasst eine Fl\u00e4che von 36,2 Quadratkilometern und ihre Begrenzungen sind wegen der Trennung der Gemeinden El Paso und Tazacorte gro\u00dfenteils k\u00fcnstlicher Natur. Die Gemeinde liegt in der Mitte des Aridane-Tales am \u00f6stlichen Hang der Insel. Im Osten grenzt Los Llanos auf einer H\u00f6he von etwa 600 m an El Paso. Die Grenze verl\u00e4uft entlang der ehemaligen Hauptstra\u00dfe, weshalb das Gel\u00e4nde gerodet ist. Im Norden grenzt die Gemeinde an die Schlucht Barranco de Las Angustias mit der Stadt Tijarafe, im S\u00fcden an Fuencaliente und im Westen an Tazacorte, ebenfalls willk\u00fcrlich gezogene Grenzen. An der zum gro\u00dfen Teil niedrigen K\u00fcste liegt einer der sch\u00f6nsten Str\u00e4nde der Insel: Puerto Naos.<\/p>\n<p style=\"text-align: justify;\">Was zur Zeit der Ureinwohner ein gro\u00dfes Weidegebiet war (Erlass von Aridane) wird sp\u00e4ter zu einer l\u00e4ndlichen Ortschaft, deren Entwicklung dank der Nutzung der Gew\u00e4sser von La Caldera beginnt, die von den Grundeigent\u00fcmern von Argual und Tazacorte bis zum Llano de Argual kanalisiert wurden, einem f\u00fcr das Aufbl\u00fchen der Zuckerindustrie privilegierten Ort. Da es sich um Ackerland handelte, entwickelten die Bauern eine intensive Bewirtschaftung, die vor allem im 16. und 17. Jahrhundert von Gro\u00dfgrundbesitzern kontrolliert wird. Mit der Zuckerkrise nimmt ab dem 18. Jahrhundert die Auswanderung nach Amerika zu.<\/p>\n<p style=\"text-align: justify;\">Das Zentrum von Los Llanos entsteht ausgehend von der Kirche Ntra. Sra. De Los Remedios, um die herum die einfachen, architektonisch traditionellen Bauten entstanden, die sich mit modernen und fortschrittlichen Konstruktionen vereinigen.<\/p>\n<p style=\"text-align: justify;\">Der Fortschritt des Tales brachte es mit sich, dass bei verschiedenen historischen Anl\u00e4ssen die verwaltungsm\u00e4\u00dfige Unabh\u00e4ngigkeit von Santa Cruz de La Palma gefordert wurde. Doch erst 1812 wird es zur El Paso und Tazacorte in sich vereinenden Gemeinde, welche 1837 bzw. 1925 eigenst\u00e4ndig werden. 1868 erh\u00e4lt der Ort den Status einer Kleinstadt und 1899 den einer Stadt.<\/p>\n<p style=\"text-align: justify;\">Die Produktivit\u00e4t des Bananenanbaus und die Ankunft von Siedlern aus dem Nordwesten der Insel f\u00fchren zwischen 1950 und 1970 zur Verdoppelung der Einwohnerzahl. Der touristische Aufschwung verwandelt Los Llanos in eine der erfolgreichsten und entwickeltsten Gemeinden auf La Palma und zum wirtschaftlichen und gewerblichen Zentrum des Tales.<\/p>\n<h3 style=\"text-align: justify;\">Der BANANENANBAU im Tal<\/h3>\n<p style=\"text-align: justify;\">Die Landschaft des Tals ist v\u00f6llig bedeckt von der gr\u00fcnlichen Schicht der Bananenpflanzungen. Die Bewirtschaftung ist so intensiv, dass man kaum auf kahles Gel\u00e4nde ohne Vegetation st\u00f6\u00dft.<\/p>\n<p style=\"text-align: justify;\">Das 20. Jahrhundert charakterisierte sich durch die Banane. Das junge, von den Vulkanen verbrannte Land wurde terrassenf\u00f6rmig angelegt und mit fruchtbarer Erde aus den h\u00f6hergelegenen Teilen des Tales aufgesch\u00fcttet. Mit dem g\u00fcnstigen Klima und dem Wissen der Bewohner brachte man es zu einer beachtenswerten Produktion, die bis in unsere Tage anh\u00e4lt.<\/p>\n<p style=\"text-align: justify;\">Die Bananenstauden gestalten die Landschaft und die Lebensart, doch dahinter verbirgt sich eine Welt voller Hingabe und Schwei\u00df.<\/p>\n<p style=\"text-align: justify;\">Die Pflanze, die sich Land und Wind am besten angepasst hat, ist die vielf\u00e4ltige Spezies des Zwergbaums oder Palmbaumes. Ihr kurzer Wuchs \u00f6ffnet sich \u00fcber einer Krone von mehreren Bl\u00e4ttern, welche die Bananenschar vor den Sonnenstrahlen sch\u00fctzen. Die nicht sehr tief gehenden Wurzeln ziehen die Mineralien und das Wasser aus der Erde, mit dem der Bauer diese \u00fcber einen Wasserschlauch, durch Besprenkelung oder Berieselung versorgt. In dem Viertel La Vera entstand eine urspr\u00fcngliche Art der Bew\u00e4sserung: Die Eigent\u00fcmer der oberhalb des von La Caldera kommenden Kanals gelegenen Pflanzungen konnten sich dieses Wassers bedienen, jedoch ohne mechanische Hilfe und nur mit ihrer eigenen Kraft. Ihre Erfindungsgabe brachte die K\u00fcrbisflasche hervor. Ein getrockneter, mit einem langen Schlauch best\u00fcckter K\u00fcrbis, der heutzutage aus Messing ist, war der Beh\u00e4lter, mit dem sie das Wasser bis zu ihren Grundst\u00fccken brachten.<\/p>\n<p style=\"text-align: justify;\">Die Pflanze ben\u00f6tigt einige Monate, bis sie ihre einzige Frucht tr\u00e4gt. Um sie herum wachsen mehrere Ableger, die alle bis auf den kr\u00e4ftigsten ausgerissen werden, der im n\u00e4chsten Zyklus an ihre Stelle treten wird. Die Bl\u00fcte der Bananenstauden muss entfernt werden, damit die Frucht nicht verdirbt. Diese wird an Gewicht immer mehr zunehmen, und mit St\u00f6cken oder Pfl\u00f6cken aus Baumheide, Gagelbaum oder Lorbeer wird das \u00dcbergewicht der Pflanze ausgeglichen. Die Bl\u00fcte muss in noch gr\u00fcnem Zustand geschnitten werden, wenn die &#8220;Finger&#8221; voll sind und allm\u00e4hlich reif werden. Nach kurzer Zeit wird die Mutterstaude gef\u00e4llt, um einer neuen Generation Platz zu machen. Das D\u00fcngen der Erde, das Ausr\u00e4uchern, die Bew\u00e4sserung sind weitere, mit dem in diesem Gebiet so verbreiteten Anbau verbundene Arbeiten.<\/p>\n<h3 style=\"text-align: justify;\">Die Legende von Tanaus\u00fa. Gebiet von Acer\u00f3<\/h3>\n<p style=\"text-align: justify;\"><a href=\"https:\/\/islabonita.com\/wp-content\/uploads\/2015\/08\/Los-Llanos-de-Aridane-2.jpg\"><img loading=\"lazy\" decoding=\"async\" class=\"size-full wp-image-1115 alignleft\" src=\"https:\/\/islabonita.com\/wp-content\/uploads\/2015\/08\/Los-Llanos-de-Aridane-2.jpg\" alt=\"Los Llanos de Aridane. Isla Bonita. La Palma\" width=\"300\" height=\"200\" \/><\/a><\/p>\n<p style=\"text-align: justify;\">Es handelt sich hier um eine wahre Begebenheit, die m\u00fcndlich und schriftlich \u00fcberliefert ist und am Ende der spanischen Eroberung stattfand.<br \/>\nMan schrieb das Jahr 1493, als sich die gegen die kastilische Invasion gerichteten Einwohner in das Gebiet von Acer\u00f3, &#8220;starker Ort&#8221;, (Caldera de Taburiente) fl\u00fcchteten und bereit waren, den Angriffen des Feindes Widerstand zu leisten. Der tapfere Tanaus\u00fa war der Anf\u00fchrer der Aufst\u00e4ndischen, die die einfallenden Spanier zweimal zur\u00fcckschlugen.<\/p>\n<p style=\"text-align: justify;\">Angesichts eines solchen Misserfolgs beschlie\u00dft der spanische Hauptmann Alonso Fern\u00e1ndez de Lugo ein freundschaftliches Treffen, um mit den restlichen Einwohnern zu reden und zu verhandeln. Doch dieses Treffen an dem unter dem Namen &#8220;Adamacansis-Pass&#8221; bekannten Ort war ein Hinterhalt, um den waghalsigen Krieger gefangennehmen zu k\u00f6nnen.<\/p>\n<p style=\"text-align: justify;\">Bevor der feindlich gesinnte Tanaus\u00fa zu dem Treffen ging, befahl er seinen Leuten, sich in die am h\u00f6chsten gelegenen und unzug\u00e4nglichsten Orte in La Caldera zu fl\u00fcchten, doch die eiskalte Luft des Hochgebirges brachte Kindern, Frauen und Alten den Tod, und wie ein aus der Erde kommendes Wehklagen h\u00f6rte man den Ausdruck Aysuragu\u00e1n, &#8220;der Ort, an dem sie erfroren&#8221;.<\/p>\n<p style=\"text-align: justify;\">Der bei der niedertr\u00e4chtigen T\u00e4uschung gefasste Tanaus\u00fa wurde zum Gefangenen und ein Teil seiner Leute zu Sklaven gemacht. Geknebelt und in Ketten gelegt wurde der Anf\u00fchrer als Trof\u00e4e nach Spanien geschickt, doch dieser war so freiheitsliebend und stolz auf seine Rasse, dass er es vorzog, auf hoher See des Hungers zu sterben und so den in der Legende verbliebenen Mythos zu erhalten.<\/p>\n<h3 style=\"text-align: justify;\">FESTE<\/h3>\n<p style=\"text-align: justify;\">An Weihnachten ist es Tradition, die eindrucksvollen Krippen zu besuchen, in denen die Landschaften der Insel szenisch dargestellt werden.<br \/>\nDie Faschingszeit wird in besonders karibischem Stil gefeiert: Faschingstruppen, Musikkapellen, Wolken von Talkumpuder und die alten Frauen sind ein stetiges Vergn\u00fcgen.<\/p>\n<p style=\"text-align: justify;\">Am 2. Juli schm\u00fcckt sich die Stadt f\u00fcr das Fest seiner Patronin, La Virgen de Los Remedios. Weitere gut besuchte und von den Leuten sehnlichst erwartete Feierlichkeiten sind die Wallfahrt des San Isidro und der beliebte Viehmarkt.<\/p>\n<p style=\"text-align: justify;\">Gefeiert wird auch das Fest La Virgen de Las Angustias, am 15.August.<\/p>\n<h3 style=\"text-align: justify;\">SEHENSW\u00dcRDIGKEITEN<\/h3>\n<h4 style=\"text-align: justify;\">Die Kirche Los Remedios<\/h4>\n<p style=\"text-align: justify;\">Der sanfte Schatten der amerikanischen Lorbeerb\u00e4ume auf der Plaza de Espa\u00f1a, die sich uns vor dem Heiligtum der Kirche Los Remedios er\u00f6ffnet, l\u00e4dt bei dem bekannten Kiosk zum Verweilen ein, bei dem sich Einheimische und Besucher treffen. Um diesen als Wahrzeichen dienenden Ort herum liegen Geb\u00e4ude wie das Rathaus, das Haus der Kultur und die \u00fcber der einfachen Wallfahrtskapelle aus dem Jahr 1517 erbaute Pfarrkirche Ntra. Sra. De Los Remedios. Die Jetztige dreischiffige Form entstand bei sp\u00e4teren Vergr\u00f6\u00dferungen und heute bewundern wir eine harmonische Verbindung verschiedener Kunstrichtungen und alter maurischer Tradition. Die schlichten Altarbilder beschr\u00e4nken sich auf die Mauern des Gotteshauses und zeigen Bilder wie das der Heiligen Anna im Stil der Renaissance und die fl\u00e4mische Figur der Virgen de Los Remedios (16. Jh.), der Schutzheiligen der Gemeinde.<\/p>\n<p style=\"text-align: justify;\">Immer am 2. Juli feiern die diesem Marienbild zugetanen Bewohner von La Palma zu ihren Ehren zahlreiche kulturelle und religi\u00f6se Feste. Dieser Tag ist das wichtigste Fest des Ortes.<\/p>\n<h4 style=\"text-align: justify;\">Der Kleine Platz &#8211; Die Plaza Chica<\/h4>\n<p style=\"text-align: justify;\">Das Abbild einer bl\u00fchenden Vergangenheit l\u00e4sst sich in Winkeln wie der Plaza Chica erahnen, die hinter der Pfarrkirche Los Remedios gelegen ist und auch unter Plaza de El\u00edas Santos Abreu bekannt ist, einem ber\u00fchmten, an diesem Ort geborenen Naturmediziner. Der Platz gibt ein architektonisches Gesamtbild kolonialen Gepr\u00e4ges ab, versch\u00f6nert vom hohen Wuchs der schlanken tropischen Palmen, die in dem kleinen, um den Brunnen angelegten Bereich wachsen. Sein Wasser spiegelt das Kobaltblau des Himmels \u00fcber den Inseln wider und die traditionell gebauten Geb\u00e4ude s\u00e4umen die angrenzenden engen Gassen. Kleine Gesch\u00e4fte haben sich in den alten, vor Jahrhunderten von reichen Familien erbauten Herrenh\u00e4usern niedergelassen und erf\u00fcllen den wirtschaftlich bedeutendsten Punkt der Gegend mit Leben.<\/p>\n<h4 style=\"text-align: justify;\">El Llano de Argual<\/h4>\n<p style=\"text-align: justify;\"><img loading=\"lazy\" decoding=\"async\" class=\"size-full wp-image-1116 alignleft\" src=\"https:\/\/islabonita.com\/wp-content\/uploads\/2015\/08\/Los-Llanos-de-Aridane-3.jpg\" alt=\"Los Llanos de Aridane. Isla Bonita. La Palma\" width=\"300\" height=\"200\" \/>Richtung Tazacorte kommen wir nach Llano de Argual, dessen Name von &#8220;argal&#8221; kommt, was soviel wie &#8220;Land mit Form eines tiefen Tales&#8221; bedeutet. Diese Enklave war die erste Kolonialsiedlung auf der Insel, die hier erbauten Landg\u00fcter sind die besten architektonischen Beispiele von Herrschaftsh\u00e4usern im Tal.<\/p>\n<p style=\"text-align: justify;\">Die riesige Andentanne, exotische Palmen und tropische B\u00e4ume wurden von den herrschaftlichen Familien gepflanzt, die sich damit vom \u00fcbrigen in der Ebene wohnenden Volk absetzen wollten. Die Geschichte erz\u00e4hlt, dass sich an diesem Ort eine kleine, von den Gew\u00e4ssern aus La Caldera gespeiste Lagune befand. Noch heute ist die kleine Wallfahrtskapelle San Pedro erhalten, wo die Zur\u00fcckgezogenheit und die Vertraulichkeit zu sp\u00fcren sind, mit der die damaligen Messen gefeiert wurden.<\/p>\n<p style=\"text-align: justify;\">Als Zeuge wirtschaftlicher St\u00e4rke blieb das stattlichste, heute verloren stehende Portal der Insel La Palma, um das herum einmal im Monat ein kleiner Markt mit handwerklichen Produkten stattfindet.<\/p>\n<h4 style=\"text-align: justify;\">Das Haus Massieu Van Dalle<\/h4>\n<p style=\"text-align: justify;\">Die Herrschaft von Argual erlebte im 16. Jahrhundert glanzvolle Momente. Dort befand sich die Zuckerfabrik der Familie Monteverde. Auf den Feldern wurde, wie die Chronisten erz\u00e4hlen, Zuckerrohr angepflanzt, viele Sklaven arbeiteten dort und Kamele transportierten das zum Brennen von Zucker und Zuckerrohrsaft ben\u00f6tigte Holz, der nach Flandern exportiert wurde.<\/p>\n<p style=\"text-align: justify;\">Die Gew\u00e4sser von La Caldera wurden kanalisiert, um die Zuckerm\u00fchle anzutreiben und die Zuckerrohrfelder zu bew\u00e4ssern. Das Aqu\u00e4dukt aus damaliger Zeit ist noch vorhanden.<\/p>\n<p style=\"text-align: justify;\">Das Haus Massieu wurde k\u00fcrzlich restauriert und vom Inselrat erworben, der sich kulturellen Angelegenheiten widmet. Damit wird das Haus zur Verkaufsstelle f\u00fcr handwerkliche Produkte aus der Gegend.<\/p>\n<h4 style=\"text-align: justify;\">Die Wallfahrtskapelle Las Angustias<\/h4>\n<p style=\"text-align: justify;\">Das Bett der Schlucht Barranco de Las Angustias markiert die Grenze zur Gemeinde Tijarafe im Norden und zwischen ihren H\u00e4ngen liegt die Wallfahrtskapelle Las Angustias. Ihre angelehnten T\u00fcren geben den Weg in den einschiffigen Bau und zum Presbiterium frei und empfangen die neugierigen und frommen Menschen, die zur Verehrung der Virgen de Las Angustias kommen. Mit mattem Ausdruck, unverh\u00e4ltnism\u00e4\u00dfigen Formen und starrem, mit Gold ausstaffiertem Umhang verk\u00f6rpert die Darstellung die schmerzhafte Muttergottes, die traurig den Leichnam ihres Sohnes in Armen h\u00e4lt. Die Figur aus dem 16. Jahrhundert ist ein weiterer klarer Beleg f\u00fcr den regen Austausch, den die Insel mit Flandern unterhielt. Den Platz mit dieser Figur teilen sich eine Darstellung des Heiligen Michael (16. Jh.) und die Figur des Heiligen Ambrosius (17.-18. Jh.). An den Seiten des Altars h\u00e4ngen von kanarischen Auswanderern als Zeichen ihrer Verehrung \u00fcbersandte kleine Gaben oder Votivtafeln aus Wachs sowie die auf der Insel verbliebenen Reliquien der M\u00e4rtyrer von Tazacorte. Ein Gedenkstein erinnert an die tragische Geschichte dieser frommen Menschen.<\/p>\n<h4 style=\"text-align: justify;\">Puerto Naos<\/h4>\n<p style=\"text-align: justify;\"><a href=\"https:\/\/islabonita.com\/wp-content\/uploads\/2015\/08\/Los-Llanos-de-Aridane-4.jpg\"><img loading=\"lazy\" decoding=\"async\" class=\"size-full wp-image-1117 alignleft\" src=\"https:\/\/islabonita.com\/wp-content\/uploads\/2015\/08\/Los-Llanos-de-Aridane-4.jpg\" alt=\"Los Llanos de Aridane. Isla Bonita. La Palma\" width=\"300\" height=\"225\" \/><\/a><\/p>\n<p style=\"text-align: justify;\">Von der Mitte der Gemeinde aus haben wir Zugang zur K\u00fcstengegend von Puerto Naos, dem touristischen Zentrum des westlichen Inselteils schlechthin.<\/p>\n<p style=\"text-align: justify;\">Die K\u00fcste wurde von den Lavastr\u00f6men zutiefst ver\u00e4ndert, die Vulkane vergr\u00f6\u00dferten das K\u00fcstenprofil durch Schaffung einer &#8220;niedrigen Insel&#8221;. Steilk\u00fcsten erscheinen im Wechsel mit kleinen Buchten, stillen W\u00e4ssern und Str\u00e4nden, von denen zu nennen sind El Pocito, Charco Verde, Las Monjas, La Bombilla, Puerto Naos und El Remo.<\/p>\n<p style=\"text-align: justify;\">Die Landschaft wurde nach und nach von der Hand des Menschen geformt und ver\u00e4ndert, der Bananenanbau ergreift Besitz von den alten Lavafeldern. Die klimatischen Eigenschaften des Gebiets &#8211; die vor den Passatwinden gesch\u00fctzte Lage, viel Sonneneinstrahlung und wenig Niederschl\u00e4ge &#8211; machen es zu einem von warmen Temperaturen heimgesuchten Paradies. Doch weit entfernt vom Bild des Massentourismus zeigt sich uns Puerto Naos als ein ruhiger Ort, an dem man den einen Kilometer langen schwarzen, vom Meer besp\u00fclten Sand und rote Abendd\u00e4mmerungen genie\u00dfen kann.<\/p>\n<h4 style=\"text-align: justify;\">Gesch\u00fctzte Vulkanlandschaften<\/h4>\n<p style=\"text-align: justify;\"><a href=\"https:\/\/islabonita.com\/wp-content\/uploads\/2015\/08\/Los-Llanos-de-Aridane-5.jpg\"><img loading=\"lazy\" decoding=\"async\" class=\"size-full wp-image-1118 alignleft\" src=\"https:\/\/islabonita.com\/wp-content\/uploads\/2015\/08\/Los-Llanos-de-Aridane-5.jpg\" alt=\"Los Llanos de Aridane. Isla Bonita. La Palma\" width=\"305\" height=\"202\" \/><\/a><\/p>\n<p style=\"text-align: justify;\">23% des gr\u00f6\u00dftenteils landwirtschaftlich genutzten Bodens von Los Llanos sind zum Naturschutzgebiet erkl\u00e4rt.<\/p>\n<p style=\"text-align: justify;\">Von dem herrlichen Aussichtpunkt El Time aus haben wir den sch\u00f6nsten Blick \u00fcber das h\u00fcgellose und waldleere Aridane-Tal, in dem sich mehrere, zum Teil zu Tazacorte geh\u00f6rende Vulkankegel erheben. Bedeckt von Disteln, Wolfsmilchgew\u00e4chsen und Ginster ragen die abgerundeten Profile des Argual, Triana, La Laguna und Todoque hervor, allesamt bemerkenswert einzigartige Formationen von hohem landschaftlichen Wert. Unter gesetzlichem Schutz steht auch der Vulkankanal Todoque, ein beim Ausbruch des Vulkans San Juan 1949 entstandenes Naturdenkmal. Seine zw\u00f6lf Schlunde, Schlote, Blasen, Terrassen, G\u00e4nge, tiefe H\u00f6hlen, Entgasungskan\u00e4le usw. wurden von der Natur in diesem unterirdischen Gang von ca. 560 m L\u00e4nge geformt, der aufgrund der in ihm lebenden wirbellosen Tiere von wissenschaftlichem und biologischem Interesse ist.<\/p>\n<p style=\"text-align: justify;\">\u00a9 Text: In\u00e9s Dieppa. Asociaci\u00f3n para el Desarrollo Rural de la Isla de La Palma .(ADER-La Palma)<br \/>\n\u00a9 Fotos: Archiv ADER-La Palma und Juan Jos\u00e9 Santos.<\/p>\n","protected":false},"author":1,"featured_media":1114,"parent":0,"menu_order":0,"template":"","_links":{"self":[{"href":"https:\/\/islabonita.com\/de\/wp-json\/wp\/v2\/location\/163"}],"collection":[{"href":"https:\/\/islabonita.com\/de\/wp-json\/wp\/v2\/location"}],"about":[{"href":"https:\/\/islabonita.com\/de\/wp-json\/wp\/v2\/types\/location"}],"author":[{"embeddable":true,"href":"https:\/\/islabonita.com\/de\/wp-json\/wp\/v2\/users\/1"}],"wp:featuredmedia":[{"embeddable":true,"href":"https:\/\/islabonita.com\/de\/wp-json\/wp\/v2\/media\/1114"}],"wp:attachment":[{"href":"https:\/\/islabonita.com\/de\/wp-json\/wp\/v2\/media?parent=163"}],"curies":[{"name":"wp","href":"https:\/\/api.w.org\/{rel}","templated":true}]}}